{"id":1278,"date":"2017-04-28T12:31:32","date_gmt":"2017-04-28T10:31:32","guid":{"rendered":"https:\/\/openstackdayfrance.fr\/?page_id=1278"},"modified":"2017-06-08T11:30:34","modified_gmt":"2017-06-08T09:30:34","slug":"osd2016","status":"publish","type":"page","link":"https:\/\/openstackdayfrance.fr\/?page_id=1278","title":{"rendered":"osd2016"},"content":{"rendered":"<section class=\"l-section wpb_row height_full color_secondary with_img parallax_fixed\" id=\"accueil\" style=\"padding-bottom: 70px !important;\"><div class=\"l-section-img\" style=\"background-image: url(https:\/\/openstackdayfrance.fr\/wp-content\/uploads\/2015\/04\/Paris_Night_light.jpg);background-repeat: no-repeat;\" data-img-width=\"5813\" data-img-height=\"1938\"><\/div><div class=\"l-section-h i-cf\"><div class=\"g-cols vc_row type_boxes valign_middle\"><div class=\"vc_col-sm-1 wpb_column vc_column_container align_center\"><div class=\"vc_column-inner\"><div class=\"wpb_wrapper\"><div class=\"w-separator type_invisible size_medium thick_1 style_solid color_border cont_none\"><span class=\"w-separator-h\"><\/span><\/div><\/div><\/div><\/div><div class=\"vc_col-sm-10 wpb_column vc_column_container\"><div class=\"vc_column-inner\"><div class=\"wpb_wrapper\">[vc_custom_heading text=&#8221;OPENSTACK DAY FRANCE&#8221; font_container=&#8221;tag:h1|text_align:center|line_height:1.1&#8243; google_fonts=&#8221;font_family:Lato%3A100%2C100italic%2C300%2C300italic%2Cregular%2Citalic%2C700%2C700italic%2C900%2C900italic|font_style:900%20bold%20regular%3A900%3Anormal&#8221; el_class=&#8221;h1;vertical-align:center;&#8221;][vc_custom_heading text=&#8221;L&#8217;\u00e9v\u00e9nement Cloud OpenSource de l&#8217;ann\u00e9e<br \/>\n22 novembre 2016&#8243; font_container=&#8221;tag:h1|text_align:center|line_height:1.1&#8243; google_fonts=&#8221;font_family:Lato%3A100%2C100italic%2C300%2C300italic%2Cregular%2Citalic%2C700%2C700italic%2C900%2C900italic|font_style:700%20bold%20regular%3A700%3Anormal&#8221; el_class=&#8221;vertical-align:center&#8221;]<div class=\"w-separator type_invisible size_medium thick_1 style_solid color_border cont_none\"><span class=\"w-separator-h\"><\/span><\/div><div class=\"g-cols wpb_row type_default valign_top vc_inner \"><div class=\"vc_col-sm-6 wpb_column vc_column_container align:center\"><div class=\"vc_column-inner\"><div class=\"wpb_wrapper\"><\/div><\/div><\/div><div class=\"vc_col-sm-6 wpb_column vc_column_container\"><div class=\"vc_column-inner\"><div class=\"wpb_wrapper\"><\/div><\/div><\/div><\/div><div class=\"g-cols wpb_row type_default valign_top vc_inner \"><div class=\"vc_col-sm-4 wpb_column vc_column_container\"><div class=\"vc_column-inner\"><div class=\"wpb_wrapper\"><\/div><\/div><\/div><div class=\"vc_col-sm-4 wpb_column vc_column_container\"><div class=\"vc_column-inner\"><div class=\"wpb_wrapper\"><\/div><\/div><\/div><div class=\"vc_col-sm-4 wpb_column vc_column_container\"><div class=\"vc_column-inner\"><div class=\"wpb_wrapper\"><\/div><\/div><\/div><\/div><div class=\"w-video ratio_16x9\"><div class=\"w-video-h\"><iframe width=\"420\" height=\"315\" src=\"\/\/www.youtube.com\/embed\/U0y0j-JQRAA?rel=0\" allowfullscreen><\/iframe><\/div><\/div><\/div><\/div><\/div><div class=\"vc_col-sm-1 wpb_column vc_column_container\"><div class=\"vc_column-inner\"><div class=\"wpb_wrapper\"><div class=\"w-separator type_invisible size_medium thick_1 style_solid color_border cont_none\"><span class=\"w-separator-h\"><\/span><\/div><\/div><\/div><\/div><\/div><\/div><\/section><!-- Row Backgrounds --><div class=\"upb_color\" data-bg-override=\"ex-full\" data-bg-color=\"\" data-fadeout=\"\" data-fadeout-percentage=\"30\" data-parallax-content=\"\" data-parallax-content-sense=\"30\" data-row-effect-mobile-disable=\"true\" data-img-parallax-mobile-disable=\"true\" data-rtl=\"false\"  data-custom-vc-row=\"\"  data-vc=\"5.4.5\"  data-is_old_vc=\"\"  data-theme-support=\"\"   data-overlay=\"false\" data-overlay-color=\"\" data-overlay-pattern=\"\" data-overlay-pattern-opacity=\"\" data-overlay-pattern-size=\"\"    data-seperator=\"true\"  data-seperator-type=\"none_seperator\"  data-seperator-shape-size=\"40\"  data-seperator-svg-height=\"60\"  data-seperator-full-width=\"true\" data-seperator-position=\"bottom_seperator\"  data-seperator-background-color=\"#fff\"  data-icon=\"\"  ><\/div><section class=\"l-section wpb_row height_auto width_full\" id=\"evenement\" style=\"margin-right: 10px !important;margin-left: 10px !important;border-radius: 5px !important;\"><div class=\"l-section-h i-cf\"><div class=\"g-cols vc_row type_default valign_top\"><div class=\"vc_col-sm-1 wpb_column vc_column_container animate_afb\"><div class=\"vc_column-inner\"><div class=\"wpb_wrapper\"><div class=\"w-separator type_invisible size_large thick_1 style_solid color_border cont_none\"><span class=\"w-separator-h\"><\/span><\/div><\/div><\/div><\/div><div class=\"vc_col-sm-6 wpb_column vc_column_container has-fill align:center\"><div class=\"vc_column-inner  vc_custom_1468913392771\"><div class=\"wpb_wrapper\"><div class=\"w-separator type_invisible size_large thick_1 style_solid color_border cont_none\"><span class=\"w-separator-h\"><\/span><\/div>\r\n\t<div class=\"wpb_text_column \">\r\n\t\t<div class=\"wpb_wrapper\">\r\n\t\t\t<h2 style=\"text-align: center;\"><strong><span class=\"highlight highlight_primary\">OpenStack Day France<\/span><\/strong><\/h2>\n\r\n\t\t<\/div>\r\n\t<\/div>\r\n\r\n\t<div class=\"wpb_text_column  vc_custom_1468919547546 span\">\r\n\t\t<div class=\"wpb_wrapper\">\r\n\t\t\t<h5 style=\"text-align: justify;\">Nous sommes ravis d\u2019annoncer le premier OpenStack Day France qui aura lieu le <strong>22 novembre 2016<\/strong> \u00e0 Paris. Les OpenStack Days sont des \u00e9v\u00e9nements officiels chapeaut\u00e9s par la Fondation OpenStack qui se produisent g\u00e9n\u00e9ralement une fois par an dans une r\u00e9gion particuli\u00e8re, et dont l\u2019objectif est d\u2019attirer des intervenants locaux et mondiaux autour de conf\u00e9rences sur OpenStack. Ceci est une excellente occasion de rencontrer des repr\u00e9sentants de la Fondation OpenStack, des dirigeants de l\u2019industrie, des responsables de la s\u00e9curit\u00e9 des syst\u00e8mes d&#8217;information, des utilisateurs finaux, des contributeurs actifs de la communaut\u00e9 et de pouvoir partager des connaissances.<\/h5>\n\r\n\t\t<\/div>\r\n\t<\/div>\r\n<\/div><\/div><\/div><div class=\"vc_col-sm-4 wpb_column vc_column_container vertical-align:middle;align:center\"><div class=\"vc_column-inner\"><div class=\"wpb_wrapper\"><div class=\"w-separator type_invisible size_large thick_1 style_solid color_border cont_none vertical-align:middle;\"><span class=\"w-separator-h\"><\/span><\/div><div class=\"w-image align_center vertical-align:middle;\"><div class=\"w-image-h\"><img width=\"400\" height=\"400\" src=\"https:\/\/openstackdayfrance.fr\/wp-content\/uploads\/2016\/07\/LOGO_1_FRANCE-01.png\" class=\"attachment-large size-large\" alt=\"\" loading=\"lazy\" srcset=\"https:\/\/openstackdayfrance.fr\/wp-content\/uploads\/2016\/07\/LOGO_1_FRANCE-01.png 400w, https:\/\/openstackdayfrance.fr\/wp-content\/uploads\/2016\/07\/LOGO_1_FRANCE-01-150x150.png 150w, https:\/\/openstackdayfrance.fr\/wp-content\/uploads\/2016\/07\/LOGO_1_FRANCE-01-300x300.png 300w, https:\/\/openstackdayfrance.fr\/wp-content\/uploads\/2016\/07\/LOGO_1_FRANCE-01-60x60.png 60w, https:\/\/openstackdayfrance.fr\/wp-content\/uploads\/2016\/07\/LOGO_1_FRANCE-01-350x350.png 350w\" sizes=\"(max-width: 400px) 100vw, 400px\" \/><\/div><\/div><div class=\"w-separator type_invisible size_small thick_1 style_solid color_border cont_none vertical-align:middle;\"><span class=\"w-separator-h\"><\/span><\/div><\/div><\/div><\/div><div class=\"vc_col-sm-1 wpb_column vc_column_container\"><div class=\"vc_column-inner\"><div class=\"wpb_wrapper\"><div class=\"w-separator type_invisible size_large thick_1 style_solid color_border cont_none\"><span class=\"w-separator-h\"><\/span><\/div><\/div><\/div><\/div><div class=\"vc_col-sm-12 wpb_column vc_column_container\"><div class=\"vc_column-inner\"><div class=\"wpb_wrapper\"><div class=\"g-cols wpb_row type_default valign_top vc_inner \"><div class=\"vc_col-sm-1 wpb_column vc_column_container\"><div class=\"vc_column-inner\"><div class=\"wpb_wrapper\"><div class=\"w-separator type_default size_medium thick_1 style_solid color_border cont_none\"><span class=\"w-separator-h\"><\/span><\/div><\/div><\/div><\/div><div class=\"vc_col-sm-3 wpb_column vc_column_container\"><div class=\"vc_column-inner\"><div class=\"wpb_wrapper\"><\/div><\/div><\/div><div class=\"vc_col-sm-4 wpb_column vc_column_container\"><div class=\"vc_column-inner\"><div class=\"wpb_wrapper\"><\/div><\/div><\/div><div class=\"vc_col-sm-3 wpb_column vc_column_container\"><div class=\"vc_column-inner\"><div class=\"wpb_wrapper\"><\/div><\/div><\/div><div class=\"vc_col-sm-1 wpb_column vc_column_container\"><div class=\"vc_column-inner\"><div class=\"wpb_wrapper\"><div class=\"w-separator type_default size_medium thick_1 style_solid color_border cont_none\"><span class=\"w-separator-h\"><\/span><\/div><\/div><\/div><\/div><\/div><div class=\"w-separator type_invisible size_large thick_1 style_solid color_border cont_none\"><span class=\"w-separator-h\"><\/span><\/div><\/div><\/div><\/div><\/div><\/div><\/section><section class=\"l-section wpb_row height_medium with_img parallax_ver\" id=\"lieu\" style=\"padding-bottom: 50px !important;\"><div class=\"l-section-img\" style=\"background-image: url(https:\/\/openstackdayfrance.fr\/wp-content\/uploads\/2015\/04\/parisbw-optim.jpg);background-repeat: repeat-x;\" data-img-width=\"1280\" data-img-height=\"960\"><\/div><div class=\"l-section-h i-cf\"><div class=\"g-cols vc_row type_default valign_top\"><div class=\"vc_col-sm-12 wpb_column vc_column_container\"><div class=\"vc_column-inner\"><div class=\"wpb_wrapper\">\r\n\t<div class=\"wpb_text_column \">\r\n\t\t<div class=\"wpb_wrapper\">\r\n\t\t\t<h2 style=\"text-align: center;\"><strong><span class=\"highlight highlight_primary\">Le lieu de l&#8217;\u00e9v\u00e9nement<\/span><\/strong><\/h2>\n\r\n\t\t<\/div>\r\n\t<\/div>\r\n<div class=\"w-separator type_invisible size_large thick_1 style_solid color_border cont_none\"><span class=\"w-separator-h\"><\/span><\/div><\/div><\/div><\/div><div class=\"vc_col-sm-1 wpb_column vc_column_container animate_afb align_center\"><div class=\"vc_column-inner\"><div class=\"wpb_wrapper\"><div class=\"w-separator type_invisible size_large thick_1 style_solid color_border cont_none\"><span class=\"w-separator-h\"><\/span><\/div><\/div><\/div><\/div><div class=\"vc_col-sm-5 wpb_column vc_column_container has-fill\"><div class=\"vc_column-inner  vc_custom_1468833005478\"><div class=\"wpb_wrapper\">\r\n\t<div class=\"wpb_text_column \">\r\n\t\t<div class=\"wpb_wrapper\">\r\n\t\t\t<h1><span style=\"color: #ffffff;\">Espace Cap 15<\/span><\/h1>\n<h4 style=\"text-align: justify;\"><span style=\"color: #ffffff;\">\u00c0 200 m\u00e8tres de la Tour Eiffel, en bordure de Seine, les salles et salons des Grands Espaces CAP15 nous ouvriront leurs portes pour accueillir notre \u00e9v\u00e9nement.<\/span><\/h4>\n<h4 style=\"text-align: justify;\"><span style=\"color: #ffffff;\">Espaces CAP 15, 1\/13 Quai de Grenelle \u00a075015 \u00a0PARIS<\/span><\/h4>\n<h4 style=\"text-align: justify;\"><span style=\"color: #ffffff;\">Acc\u00e8s par les transports :<\/span><\/h4>\n<ul>\n<li style=\"text-align: justify;\">\n<h4><span style=\"color: #ffffff;\">M\u00e9tro ligne 6 : Station Bir Hakeim<\/span><\/h4>\n<\/li>\n<li style=\"text-align: justify;\">\n<h4><span style=\"color: #ffffff;\">RER C : Champ de Mars Tour Eiffel<\/span><\/h4>\n<\/li>\n<\/ul>\n\r\n\t\t<\/div>\r\n\t<\/div>\r\n<\/div><\/div><\/div><div class=\"vc_col-sm-5 wpb_column vc_column_container\"><div class=\"vc_column-inner\"><div class=\"wpb_wrapper\"><div id='wrap_map_69ef825fba817' class='ultimate-map-wrapper ult-adjust-bottom-margin vertical-align:center' style=' height:500px;'><div id='map_69ef825fba817' data-map_override='0' class='ultimate_google_map wpb_content_element page_margin_top' style='border-style:solid;border-width:3px;border-radius:5px;width:100%;height:500px;'><\/div><\/div><script type='text\/javascript'>\r\n\t\t\t(function($) {\r\n  \t\t\t'use strict';\r\n\t\t\tvar map_map_69ef825fba817 = null;\r\n\t\t\tvar coordinate_map_69ef825fba817;\r\n\t\t\tvar isDraggable = $(document).width() > 641 ? true : false;\r\n\t\t\ttry\r\n\t\t\t{\r\n\t\t\t\tvar map_map_69ef825fba817 = null;\r\n\t\t\t\tvar coordinate_map_69ef825fba817;\r\n\t\t\t\tcoordinate_map_69ef825fba817=new google.maps.LatLng(48.85408, 2.28826);\r\n\t\t\t\tvar mapOptions=\r\n\t\t\t\t{\r\n\t\t\t\t\tzoom: 15,\r\n\t\t\t\t\tcenter: coordinate_map_69ef825fba817,\r\n\t\t\t\t\tscaleControl: true,\r\n\t\t\t\t\tstreetViewControl: false,\r\n\t\t\t\t\tmapTypeControl: false,\r\n\t\t\t\t\tpanControl: false,\r\n\t\t\t\t\tzoomControl: false,\r\n\t\t\t\t\tscrollwheel: false,\r\n\t\t\t\t\tdraggable: isDraggable,\r\n\t\t\t\t\tzoomControlOptions: {\r\n\t\t\t\t\t\tposition: google.maps.ControlPosition.RIGHT_BOTTOM\r\n\t\t\t\t\t},mapTypeId: google.maps.MapTypeId.ROADMAP,};var map_map_69ef825fba817 = new google.maps.Map(document.getElementById('map_69ef825fba817'),mapOptions);\r\n\t\t\t\t\t\tvar x = 'infowindow_open_value';\r\n\t\t\t\t\t\tvar marker_map_69ef825fba817 = new google.maps.Marker({\r\n\t\t\t\t\t\tposition: new google.maps.LatLng(48.85408, 2.28826),\r\n\t\t\t\t\t\tanimation:  google.maps.Animation.DROP,\r\n\t\t\t\t\t\tmap: map_map_69ef825fba817,\r\n\t\t\t\t\t\ticon: ''\r\n\t\t\t\t\t});\r\n\t\t\t\t\tgoogle.maps.event.addListener(marker_map_69ef825fba817, 'click', toggleBounce);}\r\n\t\t\tcatch(e){};\r\n\t\t\tjQuery(document).ready(function($){\r\n\t\t\t\tgoogle.maps.event.trigger(map_map_69ef825fba817, 'resize');\r\n\t\t\t\t$(window).resize(function(){\r\n\t\t\t\t\tgoogle.maps.event.trigger(map_map_69ef825fba817, 'resize');\r\n\t\t\t\t\tif(map_map_69ef825fba817!=null)\r\n\t\t\t\t\t\tmap_map_69ef825fba817.setCenter(coordinate_map_69ef825fba817);\r\n\t\t\t\t});\r\n\t\t\t\t$('.ui-tabs').bind('tabsactivate', function(event, ui) {\r\n\t\t\t\t   if($(this).find('.ultimate-map-wrapper').length > 0)\r\n\t\t\t\t\t{\r\n\t\t\t\t\t\tsetTimeout(function(){\r\n\t\t\t\t\t\t\t$(window).trigger('resize');\r\n\t\t\t\t\t\t},200);\r\n\t\t\t\t\t}\r\n\t\t\t\t});\r\n\t\t\t\t$('.ui-accordion').bind('accordionactivate', function(event, ui) {\r\n\t\t\t\t   if($(this).find('.ultimate-map-wrapper').length > 0)\r\n\t\t\t\t\t{\r\n\t\t\t\t\t\tsetTimeout(function(){\r\n\t\t\t\t\t\t\t$(window).trigger('resize');\r\n\t\t\t\t\t\t},200);\r\n\t\t\t\t\t}\r\n\t\t\t\t});\r\n\t\t\t\t$(window).load(function(){\r\n\t\t\t\t\tsetTimeout(function(){\r\n\t\t\t\t\t\t$(window).trigger('resize');\r\n\t\t\t\t\t},200);\r\n\t\t\t\t});\r\n\t\t\t\t$('.ult_exp_section').select(function(){\r\n\t\t\t\t\tif($(map_map_69ef825fba817).parents('.ult_exp_section'))\r\n\t\t\t\t\t{\r\n\t\t\t\t\t\tsetTimeout(function(){\r\n\t\t\t\t\t\t\t$(window).trigger('resize');\r\n\t\t\t\t\t\t},200);\r\n\t\t\t\t\t}\r\n\t\t\t\t});\r\n\t\t\t\t$(document).on('onUVCModalPopupOpen', function(){\r\n\t\t\t\t\tif($(map_map_69ef825fba817).parents('.ult_modal-content'))\r\n\t\t\t\t\t{\r\n\t\t\t\t\t\tsetTimeout(function(){\r\n\t\t\t\t\t\t\t$(window).trigger('resize');\r\n\t\t\t\t\t\t},200);\r\n\t\t\t\t\t}\r\n\t\t\t\t});\r\n\t\t\t\t$(document).on('click','.ult_tab_li',function(){\r\n\t\t\t\t\t$(window).trigger('resize');\r\n\t\t\t\t\tsetTimeout(function(){\r\n\t\t\t\t\t\t$(window).trigger('resize');\r\n\t\t\t\t\t},200);\r\n\t\t\t\t});\r\n\t\t\t});\r\n\t\t\tfunction toggleBounce() {\r\n\t\t\t  if (marker_map_69ef825fba817.getAnimation() != null) {\r\n\t\t\t\tmarker_map_69ef825fba817.setAnimation(null);\r\n\t\t\t  } else {\r\n\t\t\t\tmarker_map_69ef825fba817.setAnimation(google.maps.Animation.BOUNCE);\r\n\t\t\t  }\r\n\t\t\t}\r\n\t\t\t})(jQuery);\r\n\t\t\t<\/script><\/div><\/div><\/div><div class=\"vc_col-sm-1 wpb_column vc_column_container\"><div class=\"vc_column-inner\"><div class=\"wpb_wrapper\"><div class=\"w-separator type_invisible size_large thick_1 style_solid color_border cont_none\"><span class=\"w-separator-h\"><\/span><\/div><\/div><\/div><\/div><div class=\"vc_col-sm-12 wpb_column vc_column_container\"><div class=\"vc_column-inner\"><div class=\"wpb_wrapper\"><div class=\"w-separator type_invisible size_medium thick_1 style_solid color_border cont_none\"><span class=\"w-separator-h\"><\/span><\/div><\/div><\/div><\/div><\/div><\/div><\/section><!-- Row Backgrounds --><div class=\"upb_color\" data-bg-override=\"0\" data-bg-color=\"\" data-fadeout=\"\" data-fadeout-percentage=\"30\" data-parallax-content=\"\" data-parallax-content-sense=\"30\" data-row-effect-mobile-disable=\"true\" data-img-parallax-mobile-disable=\"true\" data-rtl=\"false\"  data-custom-vc-row=\"\"  data-vc=\"5.4.5\"  data-is_old_vc=\"\"  data-theme-support=\"\"   data-overlay=\"false\" data-overlay-color=\"\" data-overlay-pattern=\"\" data-overlay-pattern-opacity=\"\" data-overlay-pattern-size=\"\"    data-seperator=\"true\"  data-seperator-type=\"none_seperator\"  data-seperator-shape-size=\"40\"  data-seperator-svg-height=\"60\"  data-seperator-full-width=\"true\" data-seperator-position=\"bottom_seperator\"  data-seperator-background-color=\"#fff\"  data-icon=\"\"  ><\/div><section class=\"l-section wpb_row height_medium color_alternate\" id=\"planning\"><div class=\"l-section-h i-cf\"><div class=\"g-cols vc_row type_default valign_top\"><div class=\"vc_col-sm-1 wpb_column vc_column_container\"><div class=\"vc_column-inner\"><div class=\"wpb_wrapper\"><div class=\"w-separator type_invisible size_large thick_1 style_solid color_border cont_none\"><span class=\"w-separator-h\"><\/span><\/div><\/div><\/div><\/div><div class=\"vc_col-sm-10 wpb_column vc_column_container\"><div class=\"vc_column-inner\"><div class=\"wpb_wrapper\">\r\n\t<div class=\"wpb_text_column \">\r\n\t\t<div class=\"wpb_wrapper\">\r\n\t\t\t<h2 style=\"text-align: center;\"><strong><span class=\"highlight highlight_primary\">Planning et conf\u00e9renciers<\/span><\/strong><\/h2>\n\r\n\t\t<\/div>\r\n\t<\/div>\r\n[vc_raw_js]JTNDYSUyMGlkJTNEJTIyc2NoZWQtZW1iZWQlMjIlMjBkYXRhLXNjaGVkLXNpZGViYXIlM0QlMjJubyUyMiUyMGhyZWYlM0QlMjJodHRwcyUzQSUyRiUyRm9wZW5zdGFja2RheWZyYW5jZTIwMTYuc2NoZWQub3JnJTJGJTIyJTNFVmlldyUyMHRoZSUyME9wZW5TdGFjayUyMERheSUyMEZyYW5jZSUyMDIwMTYlMjBzY2hlZHVsZSUyMCUyNiUyMGRpcmVjdG9yeS4lM0MlMkZhJTNFJTNDc2NyaXB0JTIwdHlwZSUzRCUyMnRleHQlMkZqYXZhc2NyaXB0JTIyJTIwc3JjJTNEJTIyJTJGJTJGb3BlbnN0YWNrZGF5ZnJhbmNlMjAxNi5zY2hlZC5vcmclMkZqcyUyRmVtYmVkLmpzJTIyJTNFJTNDJTJGc2NyaXB0JTNF[\/vc_raw_js]<\/div><\/div><\/div><div class=\"vc_col-sm-1 wpb_column vc_column_container\"><div class=\"vc_column-inner\"><div class=\"wpb_wrapper\"><div class=\"w-separator type_invisible size_large thick_1 style_solid color_border cont_none\"><span class=\"w-separator-h\"><\/span><\/div><\/div><\/div><\/div><\/div><\/div><\/section><section class=\"l-section wpb_row height_medium color_alternate\" id=\"sponsors\"><div class=\"l-section-h i-cf\"><div class=\"g-cols vc_row type_default valign_top\"><div class=\"vc_col-sm-12 wpb_column vc_column_container\"><div class=\"vc_column-inner\"><div class=\"wpb_wrapper\">\r\n\t<div class=\"wpb_text_column \">\r\n\t\t<div class=\"wpb_wrapper\">\r\n\t\t\t<h2 style=\"text-align: center;\"><strong><span class=\"highlight highlight_primary\">Les sponsors<\/span><\/strong><\/h2>\n\r\n\t\t<\/div>\r\n\t<\/div>\r\n<div class=\"w-separator type_default size_medium thick_2 style_solid color_primary cont_text\"><span class=\"w-separator-h\"><h6>Sponsor Platinium<\/h6><\/span><\/div><div class=\"g-cols wpb_row type_default valign_top vc_inner \"><div class=\"vc_col-sm-6 wpb_column vc_column_container\"><div class=\"vc_column-inner\"><div class=\"wpb_wrapper\"><div id=\"modal-trg-txt-wrap-5530\" class=\"ult-modal-input-wrapper ult-adjust-bottom-margin   vc_custom_1473249266707  \" data-keypress-control=\"keypress-control-enable\" data-overlay-control=\"overlay-control-enable\"><img src=\"https:\/\/openstackdayfrance.fr\/wp-content\/uploads\/2015\/04\/logo_Juniper.png\" alt=\"null\" data-class-id=\"content-69ef825fbad308-47015097\" class=\"ult-modal-img overlay-show ult-align-center ult-modal-image-\" data-overlay-class=\"overlay-cornerbottomleft\"\/><\/div>\n<div class=\"ult-overlay content-69ef825fbad308-47015097 \" data-class=\"content-69ef825fbad308-47015097\" id=\"button-click-overlay\" style=\"background:rgba(51,51,51,0.8); display:none;\">\n\t<div class=\"ult_modal ult-fade ult-small\">\n\t\t<div id=\"ult-modal-wrap-3244\" class=\"ult_modal-content ult-hide\" style=\"border-style:solid;border-width:2px;border-radius:0px;border-color:#333333;\">\n\t\t\t<div class=\"ult_modal-header\" style=\"color:#333333;border-color:#333333;\">\n\t\t\t\t<div class=\"modal-icon\"><img src=\"https:\/\/openstackdayfrance.fr\/wp-content\/uploads\/2015\/04\/logo_Juniper.png\" class=\"ult-modal-inside-img\" alt=\"null\"><\/div><h3  data-ultimate-target='#ult-modal-wrap-3244 .ult_modal-title'  data-responsive-json-new='{\"font-size\":\"\",\"line-height\":\"\"}'  class=\"ult_modal-title ult-responsive\">Juniper<\/h3>\n\t\t\t<\/div>\n\t\t\t<div  data-ultimate-target='#ult-modal-wrap-3244 .ult_modal-body'  data-responsive-json-new='{\"font-size\":\"\",\"line-height\":\"\"}'  class=\"ult_modal-body ult-responsive ult-html\" style=\"\">\n\t\t\t\n\t\t\t<\/div>\n\t<\/div>\n\t<\/div>\n\t<div class=\"ult-overlay-close top-right\" style=\" \"><div class=\"ult-overlay-close-inside\">Close<\/div><\/div>\n<\/div><\/div><\/div><\/div><div class=\"vc_col-sm-6 wpb_column vc_column_container\"><div class=\"vc_column-inner\"><div class=\"wpb_wrapper\"><div id=\"modal-trg-txt-wrap-9275\" class=\"ult-modal-input-wrapper ult-adjust-bottom-margin    \" data-keypress-control=\"keypress-control-enable\" data-overlay-control=\"overlay-control-enable\"><img src=\"https:\/\/openstackdayfrance.fr\/wp-content\/uploads\/2015\/04\/logo_osones.png\" alt=\"null\" data-class-id=\"content-69ef825fbb00c4-47005842\" class=\"ult-modal-img overlay-show ult-align-center ult-modal-image-\" data-overlay-class=\"overlay-cornerbottomleft\"\/><\/div>\n<div class=\"ult-overlay content-69ef825fbb00c4-47005842 \" data-class=\"content-69ef825fbb00c4-47005842\" id=\"button-click-overlay\" style=\"background:rgba(51,51,51,0.8); display:none;\">\n\t<div class=\"ult_modal ult-fade ult-small\">\n\t\t<div id=\"ult-modal-wrap-5686\" class=\"ult_modal-content ult-hide\" style=\"border-style:solid;border-width:2px;border-radius:0px;border-color:#333333;\">\n\t\t\t<div class=\"ult_modal-header\" style=\"color:#333333;border-color:#333333;\">\n\t\t\t\t<div class=\"modal-icon\"><img src=\"https:\/\/openstackdayfrance.fr\/wp-content\/uploads\/2015\/04\/logo_osones.png\" class=\"ult-modal-inside-img\" alt=\"null\"><\/div><h3  data-ultimate-target='#ult-modal-wrap-5686 .ult_modal-title'  data-responsive-json-new='{\"font-size\":\"\",\"line-height\":\"\"}'  class=\"ult_modal-title ult-responsive\">Osones<\/h3>\n\t\t\t<\/div>\n\t\t\t<div  data-ultimate-target='#ult-modal-wrap-5686 .ult_modal-body'  data-responsive-json-new='{\"font-size\":\"\",\"line-height\":\"\"}'  class=\"ult_modal-body ult-responsive ult-html\" style=\"\">\n\t\t\tOsones est un Pure Player du Cloud Computing, sp\u00e9cialis\u00e9 sur deux technologies cloud:<\/p>\n<ul>\n<li>Amazon Web Services<\/li>\n<li>OpenStack<\/li>\n<\/ul>\n<p>Conception et mise en place d&#8217;architectures, migrations vers le Cloud, infog\u00e9rance, formation, missions longues : les Experts Osones mettent leurs comp\u00e9tences au service de vos projets et de votre transformation num\u00e9rique.<\/p>\n<p>\u25ba Cloud public : accompagnement dans la migration de votre infrastructure vers Amazon Web Services et suivi sur le cycle de vie de vos projets. Nous sommes par ailleurs agr\u00e9\u00e9s &#8220;Amazon Web Services Consulting Partner&#8221;.<\/p>\n<p>\u25ba Cloud priv\u00e9 : accompagnement dans la cr\u00e9ation de votre infrastructure cloud priv\u00e9 ou public OpenStack (construction de cloud) et dans l&#8217;impl\u00e9mentation de solution sur une plateforme OpenStack. Nous sommes par ailleurs contributeurs OpenStack.<\/p>\n<p>Prenez de la hauteur, cr\u00e9ez votre cloud.<\/p>\n<p>osones.com\n\t\t\t<\/div>\n\t<\/div>\n\t<\/div>\n\t<div class=\"ult-overlay-close top-right\" style=\" \"><div class=\"ult-overlay-close-inside\">Close<\/div><\/div>\n<\/div><\/div><\/div><\/div><\/div><div class=\"g-cols wpb_row type_default valign_top vc_inner \"><div class=\"vc_col-sm-6 wpb_column vc_column_container\"><div class=\"vc_column-inner\"><div class=\"wpb_wrapper\"><div id=\"modal-trg-txt-wrap-9599\" class=\"ult-modal-input-wrapper ult-adjust-bottom-margin   vc_custom_1473249306827  \" data-keypress-control=\"keypress-control-enable\" data-overlay-control=\"overlay-control-enable\"><img src=\"https:\/\/openstackdayfrance.fr\/wp-content\/uploads\/2015\/04\/logo_redhat.png\" alt=\"null\" data-class-id=\"content-69ef825fbb2d43-05042457\" class=\"ult-modal-img overlay-show ult-align-center ult-modal-image-\" data-overlay-class=\"overlay-cornerbottomleft\"\/><\/div>\n<div class=\"ult-overlay content-69ef825fbb2d43-05042457 \" data-class=\"content-69ef825fbb2d43-05042457\" id=\"button-click-overlay\" style=\"background:rgba(51,51,51,0.8); display:none;\">\n\t<div class=\"ult_modal ult-fade ult-small\">\n\t\t<div id=\"ult-modal-wrap-9686\" class=\"ult_modal-content ult-hide\" style=\"border-style:solid;border-width:2px;border-radius:0px;border-color:#333333;\">\n\t\t\t<div class=\"ult_modal-header\" style=\"color:#333333;border-color:#333333;\">\n\t\t\t\t<div class=\"modal-icon\"><img src=\"https:\/\/openstackdayfrance.fr\/wp-content\/uploads\/2015\/04\/logo_redhat.png\" class=\"ult-modal-inside-img\" alt=\"null\"><\/div><h3  data-ultimate-target='#ult-modal-wrap-9686 .ult_modal-title'  data-responsive-json-new='{\"font-size\":\"\",\"line-height\":\"\"}'  class=\"ult_modal-title ult-responsive\">Red Hat<\/h3>\n\t\t\t<\/div>\n\t\t\t<div  data-ultimate-target='#ult-modal-wrap-9686 .ult_modal-body'  data-responsive-json-new='{\"font-size\":\"\",\"line-height\":\"\"}'  class=\"ult_modal-body ult-responsive ult-html\" style=\"\">\n\t\t\t\n\t\t\t<\/div>\n\t<\/div>\n\t<\/div>\n\t<div class=\"ult-overlay-close top-right\" style=\" \"><div class=\"ult-overlay-close-inside\">Close<\/div><\/div>\n<\/div><\/div><\/div><\/div><div class=\"vc_col-sm-6 wpb_column vc_column_container\"><div class=\"vc_column-inner\"><div class=\"wpb_wrapper\"><div id=\"modal-trg-txt-wrap-4933\" class=\"ult-modal-input-wrapper ult-adjust-bottom-margin   vc_custom_1478254627946  \" data-keypress-control=\"keypress-control-enable\" data-overlay-control=\"overlay-control-enable\"><img src=\"https:\/\/openstackdayfrance.fr\/wp-content\/uploads\/2015\/04\/logo_suse.png\" alt=\"null\" data-class-id=\"content-69ef825fbb55c2-57740343\" class=\"ult-modal-img overlay-show ult-align-center ult-modal-image-\" data-overlay-class=\"overlay-cornerbottomleft\"\/><\/div>\n<div class=\"ult-overlay content-69ef825fbb55c2-57740343 \" data-class=\"content-69ef825fbb55c2-57740343\" id=\"button-click-overlay\" style=\"background:rgba(51,51,51,0.8); display:none;\">\n\t<div class=\"ult_modal ult-fade ult-small\">\n\t\t<div id=\"ult-modal-wrap-394\" class=\"ult_modal-content ult-hide\" style=\"border-style:solid;border-width:2px;border-radius:0px;border-color:#333333;\">\n\t\t\t<div class=\"ult_modal-header\" style=\"color:#333333;border-color:#333333;\">\n\t\t\t\t<div class=\"modal-icon\"><img src=\"https:\/\/openstackdayfrance.fr\/wp-content\/uploads\/2015\/04\/logo_suse.png\" class=\"ult-modal-inside-img\" alt=\"null\"><\/div><h3  data-ultimate-target='#ult-modal-wrap-394 .ult_modal-title'  data-responsive-json-new='{\"font-size\":\"\",\"line-height\":\"\"}'  class=\"ult_modal-title ult-responsive\">Suse<\/h3>\n\t\t\t<\/div>\n\t\t\t<div  data-ultimate-target='#ult-modal-wrap-394 .ult_modal-body'  data-responsive-json-new='{\"font-size\":\"\",\"line-height\":\"\"}'  class=\"ult_modal-body ult-responsive ult-html\" style=\"\">\n\t\t\t\n<p>SUSE\u00ae, pionnier en mati\u00e8re de logiciels Open Source, propose des solutions d&#8217;infrastructure cloud et Linux fiables et interop\u00e9rables qui am\u00e9liorent le contr\u00f4le et la flexibilit\u00e9 des entreprises.<\/p>\n<p>SUSE OpenStack Cloud est une distribution OpenStack d\u2019entreprise qui d\u00e9ploie rapidement et g\u00e8re facilement des clouds IaaS \u00e0 haute disponibilit\u00e9 dans un environnement d\u2019hyperviseurs h\u00e9t\u00e9rog\u00e8nes.<\/p>\n<p>Bas\u00e9 sur OpenStack Newton et incluant de nouvelles fonctionnalit\u00e9s Container-as-a-Service, SUSE OpenStack Cloud 7 offre un acc\u00e8s rapide aux toutes derni\u00e8res technologies de cloud pour une innovation rapide, une agilit\u00e9 am\u00e9lior\u00e9e et la cr\u00e9ation du cloud priv\u00e9 op\u00e9rationnel et robuste dont les entreprises ont besoin pour relever les d\u00e9fis actuels.<\/p>\n<p><a href=\"http:\/\/www.suse.com\/cloud\">www.suse.com<\/a><\/p>\n\n\t\t\t<\/div>\n\t<\/div>\n\t<\/div>\n\t<div class=\"ult-overlay-close top-right\" style=\" \"><div class=\"ult-overlay-close-inside\">Close<\/div><\/div>\n<\/div><\/div><\/div><\/div><\/div><div class=\"w-separator type_default size_medium thick_2 style_solid color_secondary cont_text\"><span class=\"w-separator-h\"><h6>Sponsor Gold<\/h6><\/span><\/div><div class=\"g-cols wpb_row type_default valign_top vc_inner \"><div class=\"vc_col-sm-4 vc_col-xs-6 wpb_column vc_column_container\"><div class=\"vc_column-inner\"><div class=\"wpb_wrapper\"><div id=\"modal-trg-txt-wrap-2507\" class=\"ult-modal-input-wrapper ult-adjust-bottom-margin   vc_custom_1476884846686  \" data-keypress-control=\"keypress-control-enable\" data-overlay-control=\"overlay-control-enable\"><img src=\"https:\/\/openstackdayfrance.fr\/wp-content\/uploads\/2015\/04\/delivered-by_black-orange_pms.png\" alt=\"null\" data-class-id=\"content-69ef825fbb83b2-41426576\" class=\"ult-modal-img overlay-show ult-align-center ult-modal-image-\" data-overlay-class=\"overlay-cornerbottomleft\"\/><\/div>\n<div class=\"ult-overlay content-69ef825fbb83b2-41426576 \" data-class=\"content-69ef825fbb83b2-41426576\" id=\"button-click-overlay\" style=\"background:rgba(51,51,51,0.8); display:none;\">\n\t<div class=\"ult_modal ult-fade ult-small\">\n\t\t<div id=\"ult-modal-wrap-2753\" class=\"ult_modal-content ult-hide\" style=\"border-style:solid;border-width:2px;border-radius:0px;border-color:#333333;\">\n\t\t\t<div class=\"ult_modal-header\" style=\"color:#333333;border-color:#333333;\">\n\t\t\t\t<div class=\"modal-icon\"><img src=\"https:\/\/openstackdayfrance.fr\/wp-content\/uploads\/2015\/04\/delivered-by_black-orange_pms.png\" class=\"ult-modal-inside-img\" alt=\"null\"><\/div><h3  data-ultimate-target='#ult-modal-wrap-2753 .ult_modal-title'  data-responsive-json-new='{\"font-size\":\"\",\"line-height\":\"\"}'  class=\"ult_modal-title ult-responsive\">Canonial<\/h3>\n\t\t\t<\/div>\n\t\t\t<div  data-ultimate-target='#ult-modal-wrap-2753 .ult_modal-body'  data-responsive-json-new='{\"font-size\":\"\",\"line-height\":\"\"}'  class=\"ult_modal-body ult-responsive ult-html\" style=\"\">\n\t\t\tCanonical is the company behind Ubuntu, the leading OS for container, cloud, scale-out and hyperscale computing. 65% of large-scale OpenStack deployments are on Ubuntu, using both KVM and the pure-container LXD hypervisor for the world\u2019s fastest private clouds. Canonical provides enterprise support and services for commercial users of Ubuntu.<br \/>\nCanonical leads the development of Juju, the model-driven operations system, and MAAS (Metal-as-a-Service), which creates a physical server cloud and IPAM for amazing data centre operational efficiency. Established in 2004, Canonical is a privately held company.\n\t\t\t<\/div>\n\t<\/div>\n\t<\/div>\n\t<div class=\"ult-overlay-close top-right\" style=\" \"><div class=\"ult-overlay-close-inside\">Close<\/div><\/div>\n<\/div><\/div><\/div><\/div><div class=\"vc_col-sm-4 vc_col-xs-6 wpb_column vc_column_container\"><div class=\"vc_column-inner\"><div class=\"wpb_wrapper\"><div id=\"modal-trg-txt-wrap-6967\" class=\"ult-modal-input-wrapper ult-adjust-bottom-margin   vc_custom_1478275503872  \" data-keypress-control=\"keypress-control-enable\" data-overlay-control=\"overlay-control-enable\"><img src=\"https:\/\/openstackdayfrance.fr\/wp-content\/uploads\/2015\/04\/Cisco_logo_emblem_logotype.png\" alt=\"null\" data-class-id=\"content-69ef825fbbaee6-25440971\" class=\"ult-modal-img overlay-show ult-align-center ult-modal-image-\" data-overlay-class=\"overlay-cornerbottomleft\"\/><\/div>\n<div class=\"ult-overlay content-69ef825fbbaee6-25440971 \" data-class=\"content-69ef825fbbaee6-25440971\" id=\"button-click-overlay\" style=\"background:rgba(51,51,51,0.8); display:none;\">\n\t<div class=\"ult_modal ult-fade ult-small\">\n\t\t<div id=\"ult-modal-wrap-3019\" class=\"ult_modal-content ult-hide\" style=\"border-style:solid;border-width:2px;border-radius:0px;border-color:#333333;\">\n\t\t\t<div class=\"ult_modal-header\" style=\"color:#333333;border-color:#333333;\">\n\t\t\t\t<div class=\"modal-icon\"><img src=\"https:\/\/openstackdayfrance.fr\/wp-content\/uploads\/2015\/04\/Cisco_logo_emblem_logotype.png\" class=\"ult-modal-inside-img\" alt=\"null\"><\/div><h3  data-ultimate-target='#ult-modal-wrap-3019 .ult_modal-title'  data-responsive-json-new='{\"font-size\":\"\",\"line-height\":\"\"}'  class=\"ult_modal-title ult-responsive\">Cisco<\/h3>\n\t\t\t<\/div>\n\t\t\t<div  data-ultimate-target='#ult-modal-wrap-3019 .ult_modal-body'  data-responsive-json-new='{\"font-size\":\"\",\"line-height\":\"\"}'  class=\"ult_modal-body ult-responsive ult-html\" style=\"\">\n\t\t\t\n<p>Cisco : la plateforme de choix pour les d\u00e9veloppements et d\u00e9ploiements OpenStack.<\/p>\n<p>En phase avec l\u2019\u00e9volution des d\u00e9veloppements applicatifs en mode micro-services, la nouvelle version d\u2019OpenStack met l\u2019accent sur la gestion containers et le multi-site. Programmables \u201cby design\u201d, les infrastructures data center de Cisco sont les plus \u00e0 m\u00eame de r\u00e9pondre aux enjeux de flexibilit\u00e9 et d&#8217;extensibilit\u00e9 qu&#8217;introduisent les containers. Nos architectures int\u00e8grent de nombreux produits tiers, virtuels ou physiques (F5, Checkpoint). Orient\u00e9e applications, notre solution ACI pilote l\u2019int\u00e9gralit\u00e9 de l\u2019infrastructure et ouvre la voie au Cloud Networking, Avec une API impl\u00e9mentant des concepts de haut niveau tels \u00ab Group Based Policy \u00bb de Neutron, ACI permet d\u2019int\u00e9grer dans un mod\u00e8le hybride homog\u00e8ne la gestion de l\u2019overlay et du r\u00e9seau physique. Cisco permet ainsi de renforcer le contr\u00f4le et la s\u00e9curit\u00e9 des environnements OpenStack tout en restant dans ses standards.<\/p>\n<p>Leader et pionnier technologique, Cisco fournit les infrastructures r\u00e9seaux et serveurs du Data Center. Premier contributeur au projet r\u00e9seau Neutron d\u2019OpenStack, Cisco participe activement au projet compute Nova. Nos solutions sont disponibles en version int\u00e9gr\u00e9e ou manag\u00e9e afin d\u2019offrir la plus grande la souplesse et flexibilit\u00e9 aux \u00e9quipes IT. Dans sa version manag\u00e9e, la gestion et le maintien d\u2019Openstack sont d\u00e9l\u00e9gu\u00e9s \u00e0 Cisco afin de permettre au client de se concentrer sur le d\u00e9veloppement et le d\u00e9ploiement de ses applications.<\/p>\n<p>Plus d\u2019information sur ACI pour OpenStack<br \/>\n<a href=\"http:\/\/gblogs.cisco.com\/fr-datacenter\/2016\/10\/16\/nouvelle-version-dopenstack-pourquoi-newton-doit-garder-un-oeil-sur-neutron\">http:\/\/gblogs.cisco.com\/fr-datacenter\/2016\/10\/16\/nouvelle-version-dopenstack-pourquoi-newton-doit-garder-un-oeil-sur-neutron<\/a>\n\t\t\t<\/div>\n\t<\/div>\n\t<\/div>\n\t<div class=\"ult-overlay-close top-right\" style=\" \"><div class=\"ult-overlay-close-inside\">Close<\/div><\/div>\n<\/div><\/div><\/div><\/div><div class=\"vc_col-sm-4 vc_col-xs-6 wpb_column vc_column_container\"><div class=\"vc_column-inner\"><div class=\"wpb_wrapper\"><div id=\"modal-trg-txt-wrap-7802\" class=\"ult-modal-input-wrapper ult-adjust-bottom-margin   vc_custom_1476885779212  \" data-keypress-control=\"keypress-control-enable\" data-overlay-control=\"overlay-control-enable\"><img src=\"https:\/\/openstackdayfrance.fr\/wp-content\/uploads\/2015\/04\/EMC-logo.png\" alt=\"null\" data-class-id=\"content-69ef825fbbd834-15644151\" class=\"ult-modal-img overlay-show ult-align-center ult-modal-image-\" data-overlay-class=\"overlay-cornerbottomleft\"\/><\/div>\n<div class=\"ult-overlay content-69ef825fbbd834-15644151 \" data-class=\"content-69ef825fbbd834-15644151\" id=\"button-click-overlay\" style=\"background:rgba(51,51,51,0.8); display:none;\">\n\t<div class=\"ult_modal ult-fade ult-small\">\n\t\t<div id=\"ult-modal-wrap-9575\" class=\"ult_modal-content ult-hide\" style=\"border-style:solid;border-width:2px;border-radius:0px;border-color:#333333;\">\n\t\t\t<div class=\"ult_modal-header\" style=\"color:#333333;border-color:#333333;\">\n\t\t\t\t<div class=\"modal-icon\"><img src=\"https:\/\/openstackdayfrance.fr\/wp-content\/uploads\/2015\/04\/EMC-logo.png\" class=\"ult-modal-inside-img\" alt=\"null\"><\/div><h3  data-ultimate-target='#ult-modal-wrap-9575 .ult_modal-title'  data-responsive-json-new='{\"font-size\":\"\",\"line-height\":\"\"}'  class=\"ult_modal-title ult-responsive\">EMC<\/h3>\n\t\t\t<\/div>\n\t\t\t<div  data-ultimate-target='#ult-modal-wrap-9575 .ult_modal-body'  data-responsive-json-new='{\"font-size\":\"\",\"line-height\":\"\"}'  class=\"ult_modal-body ult-responsive ult-html\" style=\"\">\n\t\t\t\n\t\t\t<\/div>\n\t<\/div>\n\t<\/div>\n\t<div class=\"ult-overlay-close top-right\" style=\" \"><div class=\"ult-overlay-close-inside\">Close<\/div><\/div>\n<\/div><\/div><\/div><\/div><\/div><div class=\"w-separator type_invisible size_small thick_1 style_solid color_border cont_none\"><span class=\"w-separator-h\"><\/span><\/div><div class=\"g-cols wpb_row type_default valign_top vc_inner \"><div class=\"vc_col-sm-4 vc_col-xs-6 wpb_column vc_column_container\"><div class=\"vc_column-inner\"><div class=\"wpb_wrapper\"><div id=\"modal-trg-txt-wrap-8433\" class=\"ult-modal-input-wrapper ult-adjust-bottom-margin   vc_custom_1476884944904  \" data-keypress-control=\"keypress-control-enable\" data-overlay-control=\"overlay-control-enable\"><img src=\"https:\/\/openstackdayfrance.fr\/wp-content\/uploads\/2015\/04\/resize_mirantis-1.png\" alt=\"null\" data-class-id=\"content-69ef825fbc05a0-75491530\" class=\"ult-modal-img overlay-show ult-align-center ult-modal-image-\" data-overlay-class=\"overlay-cornerbottomleft\"\/><\/div>\n<div class=\"ult-overlay content-69ef825fbc05a0-75491530 \" data-class=\"content-69ef825fbc05a0-75491530\" id=\"button-click-overlay\" style=\"background:rgba(51,51,51,0.8); display:none;\">\n\t<div class=\"ult_modal ult-fade ult-small\">\n\t\t<div id=\"ult-modal-wrap-4866\" class=\"ult_modal-content ult-hide\" style=\"border-style:solid;border-width:2px;border-radius:0px;border-color:#333333;\">\n\t\t\t<div class=\"ult_modal-header\" style=\"color:#333333;border-color:#333333;\">\n\t\t\t\t<div class=\"modal-icon\"><img src=\"https:\/\/openstackdayfrance.fr\/wp-content\/uploads\/2015\/04\/resize_mirantis-1.png\" class=\"ult-modal-inside-img\" alt=\"null\"><\/div><h3  data-ultimate-target='#ult-modal-wrap-4866 .ult_modal-title'  data-responsive-json-new='{\"font-size\":\"\",\"line-height\":\"\"}'  class=\"ult_modal-title ult-responsive\">Mirantis<\/h3>\n\t\t\t<\/div>\n\t\t\t<div  data-ultimate-target='#ult-modal-wrap-4866 .ult_modal-body'  data-responsive-json-new='{\"font-size\":\"\",\"line-height\":\"\"}'  class=\"ult_modal-body ult-responsive ult-html\" style=\"\">\n\t\t\tMirantis is the pure play OpenStack company. We build and operate<br \/>\ndedicated cloud infrastructure with no vendor lock-in.\n\t\t\t<\/div>\n\t<\/div>\n\t<\/div>\n\t<div class=\"ult-overlay-close top-right\" style=\" \"><div class=\"ult-overlay-close-inside\">Close<\/div><\/div>\n<\/div><\/div><\/div><\/div><div class=\"vc_col-sm-4 vc_col-xs-6 wpb_column vc_column_container\"><div class=\"vc_column-inner\"><div class=\"wpb_wrapper\"><div id=\"modal-trg-txt-wrap-2573\" class=\"ult-modal-input-wrapper ult-adjust-bottom-margin   vc_custom_1473244756957  \" data-keypress-control=\"keypress-control-enable\" data-overlay-control=\"overlay-control-enable\"><img src=\"https:\/\/openstackdayfrance.fr\/wp-content\/uploads\/2015\/04\/NetApp_logo_png.png\" alt=\"null\" data-class-id=\"content-69ef825fbc2d33-82286748\" class=\"ult-modal-img overlay-show ult-align-center ult-modal-image-\" data-overlay-class=\"overlay-cornerbottomleft\"\/><\/div>\n<div class=\"ult-overlay content-69ef825fbc2d33-82286748 \" data-class=\"content-69ef825fbc2d33-82286748\" id=\"button-click-overlay\" style=\"background:rgba(51,51,51,0.8); display:none;\">\n\t<div class=\"ult_modal ult-fade ult-small\">\n\t\t<div id=\"ult-modal-wrap-6806\" class=\"ult_modal-content ult-hide\" style=\"border-style:solid;border-width:2px;border-radius:0px;border-color:#333333;\">\n\t\t\t<div class=\"ult_modal-header\" style=\"color:#333333;border-color:#333333;\">\n\t\t\t\t<div class=\"modal-icon\"><img src=\"https:\/\/openstackdayfrance.fr\/wp-content\/uploads\/2015\/04\/NetApp_logo_png.png\" class=\"ult-modal-inside-img\" alt=\"null\"><\/div><h3  data-ultimate-target='#ult-modal-wrap-6806 .ult_modal-title'  data-responsive-json-new='{\"font-size\":\"\",\"line-height\":\"\"}'  class=\"ult_modal-title ult-responsive\">NetApp SolidFire<\/h3>\n\t\t\t<\/div>\n\t\t\t<div  data-ultimate-target='#ult-modal-wrap-6806 .ult_modal-body'  data-responsive-json-new='{\"font-size\":\"\",\"line-height\":\"\"}'  class=\"ult_modal-body ult-responsive ult-html\" style=\"\">\n\t\t\tNetApp SolidFire is the market leader in all-flash storage systems built for the next generation data center. Leveraging our all-flash architecture and Quality of Service (QoS) controls, customers can guarantee storage performance to thousands of applications within a single infrastructure \u2014 allowing them to capitalize on newfound agility, simplicity, and business efficiency.\n\t\t\t<\/div>\n\t<\/div>\n\t<\/div>\n\t<div class=\"ult-overlay-close top-right\" style=\" \"><div class=\"ult-overlay-close-inside\">Close<\/div><\/div>\n<\/div><\/div><\/div><\/div><div class=\"vc_col-sm-4 vc_col-xs-6 wpb_column vc_column_container\"><div class=\"vc_column-inner\"><div class=\"wpb_wrapper\"><div id=\"modal-trg-txt-wrap-6229\" class=\"ult-modal-input-wrapper ult-adjust-bottom-margin   vc_custom_1474279517558  \" data-keypress-control=\"keypress-control-enable\" data-overlay-control=\"overlay-control-enable\"><img src=\"https:\/\/openstackdayfrance.fr\/wp-content\/uploads\/2015\/04\/au-service-de-votre-cloud-fblanc.svg\" alt=\"null\" data-class-id=\"content-69ef825fbc56e0-30557061\" class=\"ult-modal-img overlay-show ult-align-center ult-modal-image-\" data-overlay-class=\"overlay-cornerbottomleft\"\/><\/div>\n<div class=\"ult-overlay content-69ef825fbc56e0-30557061 \" data-class=\"content-69ef825fbc56e0-30557061\" id=\"button-click-overlay\" style=\"background:rgba(51,51,51,0.8); display:none;\">\n\t<div class=\"ult_modal ult-fade ult-small\">\n\t\t<div id=\"ult-modal-wrap-2374\" class=\"ult_modal-content ult-hide\" style=\"border-style:solid;border-width:2px;border-radius:0px;border-color:#333333;\">\n\t\t\t<div class=\"ult_modal-header\" style=\"color:#333333;border-color:#333333;\">\n\t\t\t\t<div class=\"modal-icon\"><img src=\"https:\/\/openstackdayfrance.fr\/wp-content\/uploads\/2015\/04\/au-service-de-votre-cloud-long-fblanc.svg\" class=\"ult-modal-inside-img\" alt=\"null\"><\/div><h3  data-ultimate-target='#ult-modal-wrap-2374 .ult_modal-title'  data-responsive-json-new='{\"font-size\":\"\",\"line-height\":\"\"}'  class=\"ult_modal-title ult-responsive\">Objectif Libre<\/h3>\n\t\t\t<\/div>\n\t\t\t<div  data-ultimate-target='#ult-modal-wrap-2374 .ult_modal-body'  data-responsive-json-new='{\"font-size\":\"\",\"line-height\":\"\"}'  class=\"ult_modal-body ult-responsive ult-html\" style=\"\">\n\t\t\tObjectif Libre propose une offre de services d&#8217;accompagnement et de formations sur les solutions Open Source innovantes dans le domaine de l&#8217;infrastructure syst\u00e8me.<\/p>\n<p>Gr\u00e2ce \u00e0 notre contribution active aux communaut\u00e9s de r\u00e9f\u00e9rence de l&#8217;Open Source, notre expertise est reconnue sur :<\/p>\n<ul>\n<li>le Cloud Computing : OpenStack et Ceph<\/li>\n<li>les conteneurs et Docker<\/li>\n<li>la configuration centralis\u00e9e avec Puppet et Ansible<\/li>\n<\/ul>\n<p>Nous sommes \u00e0 l&#8217;origine de CloudKitty, le logiciel officiel de facturation d&#8217;OpenStack.<\/p>\n<p><a href=\"http:\/\/www.objectif-libre.com\">www.objectif-libre.com<\/a><\/p>\n<p>Conseil | Formations | Int\u00e9gration | D\u00e9veloppement | Support\n\t\t\t<\/div>\n\t<\/div>\n\t<\/div>\n\t<div class=\"ult-overlay-close top-right\" style=\" \"><div class=\"ult-overlay-close-inside\">Close<\/div><\/div>\n<\/div><\/div><\/div><\/div><\/div><div class=\"w-separator type_invisible size_small thick_1 style_solid color_border cont_none\"><span class=\"w-separator-h\"><\/span><\/div><div class=\"g-cols wpb_row type_default valign_top vc_inner \"><div class=\"vc_col-sm-4 vc_col-xs-6 wpb_column vc_column_container\"><div class=\"vc_column-inner\"><div class=\"wpb_wrapper\"><div id=\"modal-trg-txt-wrap-4712\" class=\"ult-modal-input-wrapper ult-adjust-bottom-margin   vc_custom_1476885003797  \" data-keypress-control=\"keypress-control-enable\" data-overlay-control=\"overlay-control-enable\"><img src=\"https:\/\/openstackdayfrance.fr\/wp-content\/uploads\/2015\/04\/resize_orange.png\" alt=\"null\" data-class-id=\"content-69ef825fbc9a10-73470744\" class=\"ult-modal-img overlay-show ult-align-center ult-modal-image-\" data-overlay-class=\"overlay-cornerbottomleft\"\/><\/div>\n<div class=\"ult-overlay content-69ef825fbc9a10-73470744 \" data-class=\"content-69ef825fbc9a10-73470744\" id=\"button-click-overlay\" style=\"background:rgba(51,51,51,0.8); display:none;\">\n\t<div class=\"ult_modal ult-fade ult-small\">\n\t\t<div id=\"ult-modal-wrap-1184\" class=\"ult_modal-content ult-hide\" style=\"border-style:solid;border-width:2px;border-radius:0px;border-color:#333333;\">\n\t\t\t<div class=\"ult_modal-header\" style=\"color:#333333;border-color:#333333;\">\n\t\t\t\t<div class=\"modal-icon\"><img src=\"https:\/\/openstackdayfrance.fr\/wp-content\/uploads\/2015\/04\/resize_orange.png\" class=\"ult-modal-inside-img\" alt=\"null\"><\/div><h3  data-ultimate-target='#ult-modal-wrap-1184 .ult_modal-title'  data-responsive-json-new='{\"font-size\":\"\",\"line-height\":\"\"}'  class=\"ult_modal-title ult-responsive\">Orange<\/h3>\n\t\t\t<\/div>\n\t\t\t<div  data-ultimate-target='#ult-modal-wrap-1184 .ult_modal-body'  data-responsive-json-new='{\"font-size\":\"\",\"line-height\":\"\"}'  class=\"ult_modal-body ult-responsive ult-html\" style=\"\">\n\t\t\tOrange Business Services et sa filiale &#8211; <a href=\"http:\/\/cloud.orange-business.com\/cloudwatt\">Orange Cloud for Business<\/a> &#8211; regroupe l&#8217;ensemble des \u00e9quipes en France et \u00e0 l&#8217;international (~ 1200 personnes) qui portent les activit\u00e9s de management des infrastructures IT, de cloud computing, d&#8217;applications et d&#8217;environnements de travail virtualis\u00e9s \u00ab multi-devices \u00bb.<\/p>\n<p>Nous vous pr\u00e9senterons tous les services cloud de notre portefeuille ainsi que notre programme d\u00e9veloppeur et son <a href=\"https:\/\/developer.orange.com\/\">portefeuille d&#8217;API<\/a> en libre-service autour de nombreux th\u00e8mes : communication, cloud, communication, IoT, identit\u00e9, etc.\n\t\t\t<\/div>\n\t<\/div>\n\t<\/div>\n\t<div class=\"ult-overlay-close top-right\" style=\" \"><div class=\"ult-overlay-close-inside\">Close<\/div><\/div>\n<\/div><\/div><\/div><\/div><div class=\"vc_col-sm-4 vc_col-xs-6 wpb_column vc_column_container\"><div class=\"vc_column-inner\"><div class=\"wpb_wrapper\"><div id=\"modal-trg-txt-wrap-3826\" class=\"ult-modal-input-wrapper ult-adjust-bottom-margin   vc_custom_1473426416009  \" data-keypress-control=\"keypress-control-enable\" data-overlay-control=\"overlay-control-enable\"><img src=\"https:\/\/openstackdayfrance.fr\/wp-content\/uploads\/2015\/04\/logo-ovh-sans-150DPI.png\" alt=\"null\" data-class-id=\"content-69ef825fbcc2a4-28885654\" class=\"ult-modal-img overlay-show ult-align-center ult-modal-image-\" data-overlay-class=\"overlay-cornerbottomleft\"\/><\/div>\n<div class=\"ult-overlay content-69ef825fbcc2a4-28885654 \" data-class=\"content-69ef825fbcc2a4-28885654\" id=\"button-click-overlay\" style=\"background:rgba(51,51,51,0.8); display:none;\">\n\t<div class=\"ult_modal ult-fade ult-small\">\n\t\t<div id=\"ult-modal-wrap-5506\" class=\"ult_modal-content ult-hide\" style=\"border-style:solid;border-width:2px;border-radius:0px;border-color:#333333;\">\n\t\t\t<div class=\"ult_modal-header\" style=\"color:#333333;border-color:#333333;\">\n\t\t\t\t<div class=\"modal-icon\"><img src=\"https:\/\/openstackdayfrance.fr\/wp-content\/uploads\/2015\/04\/logo-ovh-sans-150DPI.png\" class=\"ult-modal-inside-img\" alt=\"null\"><\/div><h3  data-ultimate-target='#ult-modal-wrap-5506 .ult_modal-title'  data-responsive-json-new='{\"font-size\":\"\",\"line-height\":\"\"}'  class=\"ult_modal-title ult-responsive\">OVH<\/h3>\n\t\t\t<\/div>\n\t\t\t<div  data-ultimate-target='#ult-modal-wrap-5506 .ult_modal-body'  data-responsive-json-new='{\"font-size\":\"\",\"line-height\":\"\"}'  class=\"ult_modal-body ult-responsive ult-html\" style=\"\">\n\t\t\tFond\u00e9 en 1999, le groupe OVH innove dans les entrailles du net, les centres de donn\u00e9es, le r\u00e9seau, et est aujourd\u2019hui un acteur majeur du cloud mondial. \u00c0 travers ses marques <a href=\"https:\/\/www.ovh.com\">OVH.com<\/a>, So you Start, RunAbove, Kimsufi et hubiC, le groupe OVH propose des outils et solutions simples et puissants, qui mettent la technologie au service du m\u00e9tier et r\u00e9volutionnent les mani\u00e8res de travailler d\u20191 million de clients \u00e0 travers le monde. Le respect de l\u2019individu et des libert\u00e9s, l\u2019\u00e9galit\u00e9 des chances d\u2019acc\u00e8s aux nouvelles technologies sont depuis toujours fermement attach\u00e9s \u00e0 l\u2019entreprise. Pour OVH, &#8220;Innovation is Freedom&#8221;.\n\t\t\t<\/div>\n\t<\/div>\n\t<\/div>\n\t<div class=\"ult-overlay-close top-right\" style=\" \"><div class=\"ult-overlay-close-inside\">Close<\/div><\/div>\n<\/div><\/div><\/div><\/div><div class=\"vc_col-sm-4 vc_col-xs-6 wpb_column vc_column_container\"><div class=\"vc_column-inner\"><div class=\"wpb_wrapper\"><div id=\"modal-trg-txt-wrap-1668\" class=\"ult-modal-input-wrapper ult-adjust-bottom-margin   vc_custom_1476363483993  \" data-keypress-control=\"keypress-control-enable\" data-overlay-control=\"overlay-control-enable\"><img src=\"https:\/\/openstackdayfrance.fr\/wp-content\/uploads\/2015\/04\/TSY_Logo_3c_p.png\" alt=\"null\" data-class-id=\"content-69ef825fbce9a4-83897165\" class=\"ult-modal-img overlay-show ult-align-center ult-modal-image-\" data-overlay-class=\"overlay-cornerbottomleft\"\/><\/div>\n<div class=\"ult-overlay content-69ef825fbce9a4-83897165 \" data-class=\"content-69ef825fbce9a4-83897165\" id=\"button-click-overlay\" style=\"background:rgba(51,51,51,0.8); display:none;\">\n\t<div class=\"ult_modal ult-fade ult-small\">\n\t\t<div id=\"ult-modal-wrap-2942\" class=\"ult_modal-content ult-hide\" style=\"border-style:solid;border-width:2px;border-radius:0px;border-color:#333333;\">\n\t\t\t<div class=\"ult_modal-header\" style=\"color:#333333;border-color:#333333;\">\n\t\t\t\t<div class=\"modal-icon\"><img src=\"https:\/\/openstackdayfrance.fr\/wp-content\/uploads\/2015\/04\/TSY_Logo_3c_p.png\" class=\"ult-modal-inside-img\" alt=\"null\"><\/div><h3  data-ultimate-target='#ult-modal-wrap-2942 .ult_modal-title'  data-responsive-json-new='{\"font-size\":\"\",\"line-height\":\"\"}'  class=\"ult_modal-title ult-responsive\">T-Systems<\/h3>\n\t\t\t<\/div>\n\t\t\t<div  data-ultimate-target='#ult-modal-wrap-2942 .ult_modal-body'  data-responsive-json-new='{\"font-size\":\"\",\"line-height\":\"\"}'  class=\"ult_modal-body ult-responsive ult-html\" style=\"\">\n\t\t\tT-Systems, filiale du groupe Deutsche Telekom, propose des solutions d\u2019infrastructures informatiques pour accompagner les grandes entreprises du monde entier dans leur transformation num\u00e9rique. En s\u2019appuyant sur les infrastructures r\u00e9seaux et les Data Centers internationaux du groupe, T-Systems r\u00e9pond \u00e0 l\u2019int\u00e9gralit\u00e9 des besoins des entreprises \u00e0 travers ses domaines d\u2019expertise : l\u2019h\u00e9bergement s\u00e9curis\u00e9 et l\u2019infog\u00e9rance des syst\u00e8mes d\u2019information et des donn\u00e9es en cloud (priv\u00e9, public, hybride, broker), les r\u00e9seaux et les environnements de travail.<\/p>\n<p>Fort de ses 48 000 collaborateurs dans le monde, T-Systems ma\u00eetrise et met en \u0153uvre les derni\u00e8res innovations IT pour abolir les distances entre les entreprises et leurs clients. Au cours de l\u2019exercice 2015, T-Systems a r\u00e9alis\u00e9 un chiffre d\u2019affaires de pr\u00e8s de 8,2 milliards d\u2019euros\n\t\t\t<\/div>\n\t<\/div>\n\t<\/div>\n\t<div class=\"ult-overlay-close top-right\" style=\" \"><div class=\"ult-overlay-close-inside\">Close<\/div><\/div>\n<\/div><\/div><\/div><\/div><\/div><div class=\"w-separator type_default size_medium thick_2 style_solid color_border cont_text\"><span class=\"w-separator-h\"><h6>Sponsor Silver<\/h6><\/span><\/div><div class=\"g-cols wpb_row type_default valign_top vc_inner \"><div class=\"vc_col-sm-3 vc_col-xs-4 wpb_column vc_column_container\"><div class=\"vc_column-inner\"><div class=\"wpb_wrapper\"><div id=\"modal-trg-txt-wrap-6616\" class=\"ult-modal-input-wrapper ult-adjust-bottom-margin   vc_custom_1476978302359  \" data-keypress-control=\"keypress-control-enable\" data-overlay-control=\"overlay-control-enable\"><img src=\"https:\/\/openstackdayfrance.fr\/wp-content\/uploads\/2015\/04\/logo-wescale-1-e1470138586124.png\" alt=\"null\" data-class-id=\"content-69ef825fbd1618-58319755\" class=\"ult-modal-img overlay-show ult-align-center ult-modal-image-\" data-overlay-class=\"overlay-cornerbottomleft\"\/><\/div>\n<div class=\"ult-overlay content-69ef825fbd1618-58319755 \" data-class=\"content-69ef825fbd1618-58319755\" id=\"button-click-overlay\" style=\"background:rgba(51,51,51,0.8); display:none;\">\n\t<div class=\"ult_modal ult-fade ult-small\">\n\t\t<div id=\"ult-modal-wrap-9153\" class=\"ult_modal-content ult-hide\" style=\"border-style:solid;border-width:2px;border-radius:0px;border-color:#333333;\">\n\t\t\t<div class=\"ult_modal-header\" style=\"color:#333333;border-color:#333333;\">\n\t\t\t\t<div class=\"modal-icon\"><img src=\"https:\/\/openstackdayfrance.fr\/wp-content\/uploads\/2015\/04\/logo-wescale-1-e1470138586124.png\" class=\"ult-modal-inside-img\" alt=\"null\"><\/div><h3  data-ultimate-target='#ult-modal-wrap-9153 .ult_modal-title'  data-responsive-json-new='{\"font-size\":\"\",\"line-height\":\"\"}'  class=\"ult_modal-title ult-responsive\">WeScale<\/h3>\n\t\t\t<\/div>\n\t\t\t<div  data-ultimate-target='#ult-modal-wrap-9153 .ult_modal-body'  data-responsive-json-new='{\"font-size\":\"\",\"line-height\":\"\"}'  class=\"ult_modal-body ult-responsive ult-html\" style=\"\">\n\t\t\tWescale est une soci\u00e9t\u00e9 de conseil d\u00e9di\u00e9e au cloud et \u00e0 la culture DevOps par les Ops.<br \/>\nNous conseillons et accompagnons nos clients dans leurs projets de migrations vers le cloud. Nous les aidons \u00e0 construire des infrastructures \u00e9lastiques, scalables et r\u00e9silientes. Nous mettons en place les bonnes pratiques, autour du cloud, de la culture agile et DevOps.<\/p>\n<p>Le partage de connaissances est au centre de ce qui nous anime, comme la passion pour notre m\u00e9tier et la production de travail de qualit\u00e9 pour nos clients comme pour nous-m\u00eame. Notre but est de nous \u00e9panouir dans notre m\u00e9tier et d\u2019\u00eatre fier de ce que l\u2019on r\u00e9alise.<\/p>\n<p><a href=\"http:\/\/wescale.fr\">wescale.fr<\/a>, <a href=\"http:\/\/blog.wescale.fr\">blog.wescale.fr<\/a>, @yeswescale\n\t\t\t<\/div>\n\t<\/div>\n\t<\/div>\n\t<div class=\"ult-overlay-close top-right\" style=\" \"><div class=\"ult-overlay-close-inside\">Close<\/div><\/div>\n<\/div><\/div><\/div><\/div><div class=\"vc_col-sm-3 vc_col-xs-4 wpb_column vc_column_container\"><div class=\"vc_column-inner\"><div class=\"wpb_wrapper\"><\/div><\/div><\/div><div class=\"vc_col-sm-3 vc_col-xs-4 wpb_column vc_column_container\"><div class=\"vc_column-inner\"><div class=\"wpb_wrapper\"><\/div><\/div><\/div><div class=\"vc_col-sm-3 vc_col-xs-4 wpb_column vc_column_container\"><div class=\"vc_column-inner\"><div class=\"wpb_wrapper\"><\/div><\/div><\/div><\/div><div class=\"w-separator type_default size_medium thick_2 style_solid color_custom cont_text\" style=\"border-color: #8224e3; color: #8224e3;\"><span class=\"w-separator-h\"><h6>Nos partenaires presse<\/h6><\/span><\/div><div class=\"g-cols wpb_row type_default valign_top vc_inner \"><div class=\"vc_col-sm-6 wpb_column vc_column_container\"><div class=\"vc_column-inner\"><div class=\"wpb_wrapper\"><div class=\"w-image align_center\"><div class=\"w-image-h\"><a href=\"http:\/\/www.developpez.com\/\" title=\"developpez.com\" target=\"_blank\" rel=\"\"><img width=\"200\" height=\"200\" src=\"https:\/\/openstackdayfrance.fr\/wp-content\/uploads\/2015\/04\/Dessin-sans-titre-2.png\" class=\"attachment-large size-large\" alt=\"\" loading=\"lazy\" srcset=\"https:\/\/openstackdayfrance.fr\/wp-content\/uploads\/2015\/04\/Dessin-sans-titre-2.png 200w, https:\/\/openstackdayfrance.fr\/wp-content\/uploads\/2015\/04\/Dessin-sans-titre-2-150x150.png 150w, https:\/\/openstackdayfrance.fr\/wp-content\/uploads\/2015\/04\/Dessin-sans-titre-2-60x60.png 60w\" sizes=\"(max-width: 200px) 100vw, 200px\" \/><\/a><\/div><\/div><\/div><\/div><\/div><div class=\"vc_col-sm-6 wpb_column vc_column_container\"><div class=\"vc_column-inner\"><div class=\"wpb_wrapper\"><div class=\"w-image align_center\"><div class=\"w-image-h\"><a href=\"http:\/\/www.toolinux.com\/\" title=\"toolinux.com\" target=\"_blank\" rel=\"\"><img width=\"200\" height=\"200\" src=\"https:\/\/openstackdayfrance.fr\/wp-content\/uploads\/2015\/04\/Dessin-sans-titre.png\" class=\"attachment-large size-large\" alt=\"\" loading=\"lazy\" srcset=\"https:\/\/openstackdayfrance.fr\/wp-content\/uploads\/2015\/04\/Dessin-sans-titre.png 200w, https:\/\/openstackdayfrance.fr\/wp-content\/uploads\/2015\/04\/Dessin-sans-titre-150x150.png 150w, https:\/\/openstackdayfrance.fr\/wp-content\/uploads\/2015\/04\/Dessin-sans-titre-60x60.png 60w\" sizes=\"(max-width: 200px) 100vw, 200px\" \/><\/a><\/div><\/div><\/div><\/div><\/div><\/div><div class=\"w-separator type_invisible size_small thick_1 style_solid color_border cont_none\"><span class=\"w-separator-h\"><\/span><\/div><div class=\"g-cols wpb_row type_default valign_top vc_inner \"><div class=\"vc_col-sm-1 wpb_column vc_column_container\"><div class=\"vc_column-inner\"><div class=\"wpb_wrapper\"><div class=\"w-separator type_invisible size_large thick_1 style_solid color_border cont_none\"><span class=\"w-separator-h\"><\/span><\/div><\/div><\/div><\/div><div class=\"vc_col-sm-10 wpb_column vc_column_container\"><div class=\"vc_column-inner\"><div class=\"wpb_wrapper\">\r\n\t<div class=\"wpb_text_column \">\r\n\t\t<div class=\"wpb_wrapper\">\r\n\t\t\t<h3>Pourquoi sponsoriser l\u2019OpenStack Day France 2016 ?<\/h3>\n<p>Devenir sponsor de l\u2019OpenStack Day France, c\u2019est avant tout soutenir le projet OpenStack et participer \u00e0 la f\u00e9d\u00e9ration autour de cette technologie. Cet \u00e9v\u00e9nement a pour vocation de faire cro\u00eetre l\u2019engouement autour du plus gros projet Cloud Open Source qu\u2019est OpenStack. Sans vous cet \u00e9v\u00e9nement ne pourrait tout simplement pas exister ! Nous vous remercions donc de l\u2019int\u00e9r\u00eat que vous portez \u00e0 notre communaut\u00e9 !<\/p>\n\r\n\t\t<\/div>\r\n\t<\/div>\r\n<\/div><\/div><\/div><div class=\"vc_col-sm-1 wpb_column vc_column_container\"><div class=\"vc_column-inner\"><div class=\"wpb_wrapper\"><div class=\"w-separator type_invisible size_large thick_1 style_solid color_border cont_none\"><span class=\"w-separator-h\"><\/span><\/div><\/div><\/div><\/div><\/div><div class=\"w-separator type_invisible size_medium thick_1 style_solid color_border cont_none\"><span class=\"w-separator-h\"><\/span><\/div><\/div><\/div><\/div><div class=\"vc_col-sm-12 wpb_column vc_column_container\"><div class=\"vc_column-inner\"><div class=\"wpb_wrapper\"><\/div><\/div><\/div><\/div><\/div><\/section><section class=\"l-section wpb_row height_medium color_alternate\" id=\"speakers\"><div class=\"l-section-h i-cf\"><div class=\"g-cols vc_row type_default valign_top\"><div class=\"vc_col-sm-12 wpb_column vc_column_container\"><div class=\"vc_column-inner\"><div class=\"wpb_wrapper\"><div class=\"g-cols wpb_row type_default valign_top vc_inner \"><div class=\"vc_col-sm-1 wpb_column vc_column_container\"><div class=\"vc_column-inner\"><div class=\"wpb_wrapper\"><div class=\"w-separator type_invisible size_large thick_1 style_solid color_border cont_none\"><span class=\"w-separator-h\"><\/span><\/div><\/div><\/div><\/div><div class=\"vc_col-sm-10 wpb_column vc_column_container\"><div class=\"vc_column-inner\"><div class=\"wpb_wrapper\">\r\n\t<div class=\"wpb_text_column \">\r\n\t\t<div class=\"wpb_wrapper\">\r\n\t\t\t<h2 style=\"text-align: center;\"><strong><span class=\"highlight highlight_primary\">Les\u00a0conf\u00e9renciers des Keynotes<\/span><\/strong><\/h2>\n\r\n\t\t<\/div>\r\n\t<\/div>\r\n<\/div><\/div><\/div><div class=\"vc_col-sm-1 wpb_column vc_column_container\"><div class=\"vc_column-inner\"><div class=\"wpb_wrapper\"><div class=\"w-separator type_invisible size_large thick_1 style_solid color_border cont_none\"><span class=\"w-separator-h\"><\/span><\/div><\/div><\/div><\/div><\/div><div class=\"w-separator type_invisible size_small thick_1 style_solid color_border cont_none\"><span class=\"w-separator-h\"><\/span><\/div><\/div><\/div><\/div><div class=\"vc_col-sm-1 wpb_column vc_column_container\"><div class=\"vc_column-inner\"><div class=\"wpb_wrapper\"><div class=\"w-separator type_invisible size_large thick_1 style_solid color_border cont_none\"><span class=\"w-separator-h\"><\/span><\/div><\/div><\/div><\/div><div class=\"vc_col-sm-2 vc_col-xs-4 wpb_column vc_column_container\"><div class=\"vc_column-inner\"><div class=\"wpb_wrapper\"><div id=\"modal-trg-txt-wrap-8151\" class=\"ult-modal-input-wrapper ult-adjust-bottom-margin   vc_custom_1468312118538  \" data-keypress-control=\"keypress-control-enable\" data-overlay-control=\"overlay-control-enable\"><img src=\"https:\/\/openstackdayfrance.fr\/wp-content\/uploads\/2015\/04\/Thierry_carrez-e1468336867255.png\" alt=\"null\" data-class-id=\"content-69ef825fbde581-63845606\" class=\"ult-modal-img overlay-show ult-align-center ult-modal-image-\" data-overlay-class=\"overlay-cornerbottomleft\"\/><\/div>\n<div class=\"ult-overlay content-69ef825fbde581-63845606 \" data-class=\"content-69ef825fbde581-63845606\" id=\"button-click-overlay\" style=\"background:rgba(51,51,51,0.8); display:none;\">\n\t<div class=\"ult_modal ult-fade ult-small\">\n\t\t<div id=\"ult-modal-wrap-3867\" class=\"ult_modal-content ult-hide\" style=\"border-style:solid;border-width:2px;border-radius:0px;border-color:#333333;\">\n\t\t\t<div class=\"ult_modal-header\" style=\"color:#333333;border-color:#333333;\">\n\t\t\t\t<div class=\"modal-icon\"><img src=\"https:\/\/openstackdayfrance.fr\/wp-content\/uploads\/2015\/04\/Thierry_carrez-e1468336867255.png\" class=\"ult-modal-inside-img\" alt=\"null\"><\/div><h3  data-ultimate-target='#ult-modal-wrap-3867 .ult_modal-title'  data-responsive-json-new='{\"font-size\":\"\",\"line-height\":\"\"}'  class=\"ult_modal-title ult-responsive\">Thierry Carrez<\/h3>\n\t\t\t<\/div>\n\t\t\t<div  data-ultimate-target='#ult-modal-wrap-3867 .ult_modal-body'  data-responsive-json-new='{\"font-size\":\"\",\"line-height\":\"\"}'  class=\"ult_modal-body ult-responsive ult-html\" style=\"\">\n\t\t\tThierry Carrez is the Director of Engineering at the OpenStack Foundation, helping ensure the long-term health of the OpenStack upstream open source project. He has been the Release Manager for the OpenStack project since its inception, coordinating the effort and facilitating collaboration between contributors. He is the elected chair of the OpenStack Technical Committee, which is in charge of the technical direction of the project.\n\t\t\t<\/div>\n\t<\/div>\n\t<\/div>\n\t<div class=\"ult-overlay-close top-right\" style=\" \"><div class=\"ult-overlay-close-inside\">Close<\/div><\/div>\n<\/div>\r\n\t<div class=\"wpb_text_column \">\r\n\t\t<div class=\"wpb_wrapper\">\r\n\t\t\t<p style=\"text-align: center;\"><span style=\"color: #cf3128;\"><strong>Thierry Carrez<\/strong><\/span><br \/>\nDirector of Engineering,<br \/>\n<strong>OpenStack Foundation<\/strong><\/p>\n\r\n\t\t<\/div>\r\n\t<\/div>\r\n<\/div><\/div><\/div><div class=\"vc_col-sm-2 vc_col-xs-4 wpb_column vc_column_container\"><div class=\"vc_column-inner\"><div class=\"wpb_wrapper\"><div id=\"modal-trg-txt-wrap-1905\" class=\"ult-modal-input-wrapper ult-adjust-bottom-margin   vc_custom_1473944805422  \" data-keypress-control=\"keypress-control-enable\" data-overlay-control=\"overlay-control-enable\"><img src=\"https:\/\/openstackdayfrance.fr\/wp-content\/uploads\/2015\/04\/mark.jpg\" alt=\"null\" data-class-id=\"content-69ef825fbe1230-15283695\" class=\"ult-modal-img overlay-show ult-align-center ult-modal-image-\" data-overlay-class=\"overlay-cornerbottomleft\"\/><\/div>\n<div class=\"ult-overlay content-69ef825fbe1230-15283695 \" data-class=\"content-69ef825fbe1230-15283695\" id=\"button-click-overlay\" style=\"background:rgba(51,51,51,0.8); display:none;\">\n\t<div class=\"ult_modal ult-fade ult-small\">\n\t\t<div id=\"ult-modal-wrap-5323\" class=\"ult_modal-content ult-hide\" style=\"border-style:solid;border-width:2px;border-radius:0px;border-color:#333333;\">\n\t\t\t<div class=\"ult_modal-header\" style=\"color:#333333;border-color:#333333;\">\n\t\t\t\t<div class=\"modal-icon\"><img src=\"https:\/\/openstackdayfrance.fr\/wp-content\/uploads\/2015\/04\/mark.jpg\" class=\"ult-modal-inside-img\" alt=\"null\"><\/div><h3  data-ultimate-target='#ult-modal-wrap-5323 .ult_modal-title'  data-responsive-json-new='{\"font-size\":\"\",\"line-height\":\"\"}'  class=\"ult_modal-title ult-responsive\">Mark McLoughlin<\/h3>\n\t\t\t<\/div>\n\t\t\t<div  data-ultimate-target='#ult-modal-wrap-5323 .ult_modal-body'  data-responsive-json-new='{\"font-size\":\"\",\"line-height\":\"\"}'  class=\"ult_modal-body ult-responsive ult-html\" style=\"\">\n\t\t\t\n<p>Mark McLoughlin is a member of Red Hat&#8217;s engineering team and has spent over a decade contributing to and leading open source projects like GNOME, Fedora, KVM, qemu, libvirt, oVirt, and more.<br \/>\nMark contributed to OpenStack from 2011, most notably to Nova and Oslo. He has served as Oslo PTL, as a member of the Technical Committee, and as an Individual Director on the board.<br \/>\nMark is Director of Engineering for OpenStack at Red Hat, and represents Red Hat as a platinum member on the OpenStack Foundation board of directors.\n\t\t\t<\/div>\n\t<\/div>\n\t<\/div>\n\t<div class=\"ult-overlay-close top-right\" style=\" \"><div class=\"ult-overlay-close-inside\">Close<\/div><\/div>\n<\/div>\r\n\t<div class=\"wpb_text_column \">\r\n\t\t<div class=\"wpb_wrapper\">\r\n\t\t\t<p style=\"text-align: center;\"><span style=\"color: #cf3128;\"><strong>Mark McLoughlin<\/strong><\/span><br \/>\nDirector of Engineering for OpenStack,<br \/>\n<strong>Red Hat<\/strong><\/p>\n\r\n\t\t<\/div>\r\n\t<\/div>\r\n<\/div><\/div><\/div><div class=\"vc_col-sm-2 vc_col-xs-4 wpb_column vc_column_container\"><div class=\"vc_column-inner\"><div class=\"wpb_wrapper\"><div id=\"modal-trg-txt-wrap-2506\" class=\"ult-modal-input-wrapper ult-adjust-bottom-margin   vc_custom_1474279393585  \" data-keypress-control=\"keypress-control-enable\" data-overlay-control=\"overlay-control-enable\"><img src=\"https:\/\/openstackdayfrance.fr\/wp-content\/uploads\/2016\/09\/FREUND-Pierre_MG_0164_NB-e1474279342802.jpg\" alt=\"null\" data-class-id=\"content-69ef825fbe3d16-81600890\" class=\"ult-modal-img overlay-show ult-align-center ult-modal-image-\" data-overlay-class=\"overlay-cornerbottomleft\"\/><\/div>\n<div class=\"ult-overlay content-69ef825fbe3d16-81600890 \" data-class=\"content-69ef825fbe3d16-81600890\" id=\"button-click-overlay\" style=\"background:rgba(51,51,51,0.8); display:none;\">\n\t<div class=\"ult_modal ult-fade ult-small\">\n\t\t<div id=\"ult-modal-wrap-844\" class=\"ult_modal-content ult-hide\" style=\"border-style:solid;border-width:2px;border-radius:0px;border-color:#333333;\">\n\t\t\t<div class=\"ult_modal-header\" style=\"color:#333333;border-color:#333333;\">\n\t\t\t\t<div class=\"modal-icon\"><img src=\"https:\/\/openstackdayfrance.fr\/wp-content\/uploads\/2016\/09\/FREUND-Pierre_MG_0164_NB-e1474279342802.jpg\" class=\"ult-modal-inside-img\" alt=\"null\"><\/div><h3  data-ultimate-target='#ult-modal-wrap-844 .ult_modal-title'  data-responsive-json-new='{\"font-size\":\"\",\"line-height\":\"\"}'  class=\"ult_modal-title ult-responsive\">Pierre Freund<\/h3>\n\t\t\t<\/div>\n\t\t\t<div  data-ultimate-target='#ult-modal-wrap-844 .ult_modal-body'  data-responsive-json-new='{\"font-size\":\"\",\"line-height\":\"\"}'  class=\"ult_modal-body ult-responsive ult-html\" style=\"\">\n\t\t\t\n\t\t\t<\/div>\n\t<\/div>\n\t<\/div>\n\t<div class=\"ult-overlay-close top-right\" style=\" \"><div class=\"ult-overlay-close-inside\">Close<\/div><\/div>\n<\/div>\r\n\t<div class=\"wpb_text_column \">\r\n\t\t<div class=\"wpb_wrapper\">\r\n\t\t\t<p style=\"text-align: center;\"><span style=\"color: #cf3128;\"><strong>Pierre Freund<\/strong><\/span><br \/>\nCEO,<br \/>\n<strong>Osones<\/strong><\/p>\n\r\n\t\t<\/div>\r\n\t<\/div>\r\n<\/div><\/div><\/div><div class=\"vc_col-sm-2 vc_col-xs-4 wpb_column vc_column_container\"><div class=\"vc_column-inner\"><div class=\"wpb_wrapper\"><div id=\"modal-trg-txt-wrap-1596\" class=\"ult-modal-input-wrapper ult-adjust-bottom-margin   vc_custom_1478249268080  \" data-keypress-control=\"keypress-control-enable\" data-overlay-control=\"overlay-control-enable\"><img src=\"https:\/\/openstackdayfrance.fr\/wp-content\/uploads\/2015\/04\/thomas-di-giacomo-bw-e1508938976836.png\" alt=\"null\" data-class-id=\"content-69ef825fbe6937-35400239\" class=\"ult-modal-img overlay-show ult-align-center ult-modal-image-\" data-overlay-class=\"overlay-cornerbottomleft\"\/><\/div>\n<div class=\"ult-overlay content-69ef825fbe6937-35400239 \" data-class=\"content-69ef825fbe6937-35400239\" id=\"button-click-overlay\" style=\"background:rgba(51,51,51,0.8); display:none;\">\n\t<div class=\"ult_modal ult-fade ult-small\">\n\t\t<div id=\"ult-modal-wrap-1360\" class=\"ult_modal-content ult-hide\" style=\"border-style:solid;border-width:2px;border-radius:0px;border-color:#333333;\">\n\t\t\t<div class=\"ult_modal-header\" style=\"color:#333333;border-color:#333333;\">\n\t\t\t\t<div class=\"modal-icon\"><img src=\"https:\/\/openstackdayfrance.fr\/wp-content\/uploads\/2015\/04\/thomas-di-giacomo-bw-e1508938976836.png\" class=\"ult-modal-inside-img\" alt=\"null\"><\/div><h3  data-ultimate-target='#ult-modal-wrap-1360 .ult_modal-title'  data-responsive-json-new='{\"font-size\":\"\",\"line-height\":\"\"}'  class=\"ult_modal-title ult-responsive\">anonymous<\/h3>\n\t\t\t<\/div>\n\t\t\t<div  data-ultimate-target='#ult-modal-wrap-1360 .ult_modal-body'  data-responsive-json-new='{\"font-size\":\"\",\"line-height\":\"\"}'  class=\"ult_modal-body ult-responsive ult-html\" style=\"\">\n\t\t\t\n\t\t\t<\/div>\n\t<\/div>\n\t<\/div>\n\t<div class=\"ult-overlay-close top-right\" style=\" \"><div class=\"ult-overlay-close-inside\">Close<\/div><\/div>\n<\/div>\r\n\t<div class=\"wpb_text_column \">\r\n\t\t<div class=\"wpb_wrapper\">\r\n\t\t\t<p style=\"text-align: center;\"><span style=\"color: #cf3128;\"><strong>Thomas Di Giacomo<\/strong><\/span><br \/>\nChief Technology Officer,<br \/>\n<strong>SUSE<\/strong><\/p>\n\r\n\t\t<\/div>\r\n\t<\/div>\r\n<\/div><\/div><\/div><div class=\"vc_col-sm-2 wpb_column vc_column_container\"><div class=\"vc_column-inner\"><div class=\"wpb_wrapper\"><div id=\"modal-trg-txt-wrap-6691\" class=\"ult-modal-input-wrapper ult-adjust-bottom-margin   vc_custom_1478266720231  \" data-keypress-control=\"keypress-control-enable\" data-overlay-control=\"overlay-control-enable\"><img src=\"https:\/\/openstackdayfrance.fr\/wp-content\/uploads\/2015\/04\/AAEAAQAAAAAAAAXtAAAAJDkzMzI4NjNmLTJhOWQtNGY1MS05NjJhLWQ3NjhkZGFiMDBkYQ.jpg\" alt=\"null\" data-class-id=\"content-69ef825fbe9626-83522413\" class=\"ult-modal-img overlay-show ult-align-center ult-modal-image-\" data-overlay-class=\"overlay-cornerbottomleft\"\/><\/div>\n<div class=\"ult-overlay content-69ef825fbe9626-83522413 \" data-class=\"content-69ef825fbe9626-83522413\" id=\"button-click-overlay\" style=\"background:rgba(51,51,51,0.8); display:none;\">\n\t<div class=\"ult_modal ult-fade ult-small\">\n\t\t<div id=\"ult-modal-wrap-7952\" class=\"ult_modal-content ult-hide\" style=\"border-style:solid;border-width:2px;border-radius:0px;border-color:#333333;\">\n\t\t\t<div class=\"ult_modal-header\" style=\"color:#333333;border-color:#333333;\">\n\t\t\t\t<div class=\"modal-icon\"><img src=\"https:\/\/openstackdayfrance.fr\/wp-content\/uploads\/2015\/04\/AAEAAQAAAAAAAAXtAAAAJDkzMzI4NjNmLTJhOWQtNGY1MS05NjJhLWQ3NjhkZGFiMDBkYQ.jpg\" class=\"ult-modal-inside-img\" alt=\"null\"><\/div><h3  data-ultimate-target='#ult-modal-wrap-7952 .ult_modal-title'  data-responsive-json-new='{\"font-size\":\"\",\"line-height\":\"\"}'  class=\"ult_modal-title ult-responsive\">anonymous<\/h3>\n\t\t\t<\/div>\n\t\t\t<div  data-ultimate-target='#ult-modal-wrap-7952 .ult_modal-body'  data-responsive-json-new='{\"font-size\":\"\",\"line-height\":\"\"}'  class=\"ult_modal-body ult-responsive ult-html\" style=\"\">\n\t\t\t\n\t\t\t<\/div>\n\t<\/div>\n\t<\/div>\n\t<div class=\"ult-overlay-close top-right\" style=\" \"><div class=\"ult-overlay-close-inside\">Close<\/div><\/div>\n<\/div>\r\n\t<div class=\"wpb_text_column \">\r\n\t\t<div class=\"wpb_wrapper\">\r\n\t\t\t<p style=\"text-align: center;\"><span style=\"color: #cf3128;\"><strong>Antoine Sibout<br \/>\n<\/strong><\/span>Sr Director &#8211; Contrail business Unit<br \/>\n<strong>Juniper Networks<\/strong><\/p>\n\r\n\t\t<\/div>\r\n\t<\/div>\r\n<\/div><\/div><\/div><div class=\"vc_col-sm-1 wpb_column vc_column_container\"><div class=\"vc_column-inner\"><div class=\"wpb_wrapper\"><div class=\"w-separator type_invisible size_large thick_1 style_solid color_border cont_none\"><span class=\"w-separator-h\"><\/span><\/div><\/div><\/div><\/div><div class=\"vc_col-sm-12 wpb_column vc_column_container\"><div class=\"vc_column-inner\"><div class=\"wpb_wrapper\"><\/div><\/div><\/div><\/div><\/div><\/section><section class=\"l-section wpb_row height_medium\"><div class=\"l-section-h i-cf\"><div class=\"g-cols vc_row type_default valign_top\"><div class=\"vc_col-sm-1 wpb_column vc_column_container\"><div class=\"vc_column-inner\"><div class=\"wpb_wrapper\"><\/div><\/div><\/div><div class=\"vc_col-sm-5 wpb_column vc_column_container\"><div class=\"vc_column-inner\"><div class=\"wpb_wrapper\"><\/div><\/div><\/div><div class=\"vc_col-sm-5 wpb_column vc_column_container\"><div class=\"vc_column-inner\"><div class=\"wpb_wrapper\"><\/div><\/div><\/div><div class=\"vc_col-sm-1 wpb_column vc_column_container\"><div class=\"vc_column-inner\"><div class=\"wpb_wrapper\"><\/div><\/div><\/div><\/div><\/div><\/section>","protected":false},"excerpt":{"rendered":"[vc_custom_heading text=\"OPENSTACK DAY FRANCE\" font_container=\"tag:h1|text_align:center|line_height:1.1\" google_fonts=\"font_family:Lato%3A100%2C100italic%2C300%2C300italic%2Cregular%2Citalic%2C700%2C700italic%2C900%2C900italic|font_style:900%20bold%20regular%3A900%3Anormal\" el_class=\"h1;vertical-align:center;\"][vc_custom_heading text=\"L'\u00e9v\u00e9nement Cloud OpenSource de l'ann\u00e9e 22 novembre 2016\" font_container=\"tag:h1|text_align:center|line_height:1.1\" google_fonts=\"font_family:Lato%3A100%2C100italic%2C300%2C300italic%2Cregular%2Citalic%2C700%2C700italic%2C900%2C900italic|font_style:700%20bold%20regular%3A700%3Anormal\" el_class=\"vertical-align:center\"] OpenStack Day France Nous sommes ravis d\u2019annoncer le premier OpenStack Day France qui aura lieu le 22 novembre 2016 \u00e0 Paris. Les...","protected":false},"author":2,"featured_media":1352,"parent":0,"menu_order":0,"comment_status":"closed","ping_status":"closed","template":"","meta":{"_monsterinsights_skip_tracking":false,"_monsterinsights_sitenote_active":false,"_monsterinsights_sitenote_note":"","_monsterinsights_sitenote_category":0},"_links":{"self":[{"href":"https:\/\/openstackdayfrance.fr\/index.php?rest_route=\/wp\/v2\/pages\/1278"}],"collection":[{"href":"https:\/\/openstackdayfrance.fr\/index.php?rest_route=\/wp\/v2\/pages"}],"about":[{"href":"https:\/\/openstackdayfrance.fr\/index.php?rest_route=\/wp\/v2\/types\/page"}],"author":[{"embeddable":true,"href":"https:\/\/openstackdayfrance.fr\/index.php?rest_route=\/wp\/v2\/users\/2"}],"replies":[{"embeddable":true,"href":"https:\/\/openstackdayfrance.fr\/index.php?rest_route=%2Fwp%2Fv2%2Fcomments&post=1278"}],"version-history":[{"count":16,"href":"https:\/\/openstackdayfrance.fr\/index.php?rest_route=\/wp\/v2\/pages\/1278\/revisions"}],"predecessor-version":[{"id":1373,"href":"https:\/\/openstackdayfrance.fr\/index.php?rest_route=\/wp\/v2\/pages\/1278\/revisions\/1373"}],"wp:featuredmedia":[{"embeddable":true,"href":"https:\/\/openstackdayfrance.fr\/index.php?rest_route=\/wp\/v2\/media\/1352"}],"wp:attachment":[{"href":"https:\/\/openstackdayfrance.fr\/index.php?rest_route=%2Fwp%2Fv2%2Fmedia&parent=1278"}],"curies":[{"name":"wp","href":"https:\/\/api.w.org\/{rel}","templated":true}]}}